{"id":11615,"date":"2019-12-14T22:07:18","date_gmt":"2019-12-14T21:07:18","guid":{"rendered":"https:\/\/www.kornmarkt-doener.de\/?page_id=11615"},"modified":"2025-02-08T10:47:25","modified_gmt":"2025-02-08T09:47:25","slug":"impressum","status":"publish","type":"page","link":"https:\/\/www.kornmarkt-doener.de\/?page_id=11615","title":{"rendered":"Impressum"},"content":{"rendered":"<div id=\"pl-11615\"  class=\"panel-layout\" ><div id=\"pg-11615-0\"  class=\"panel-grid panel-has-style\" ><div class=\"siteorigin-panels-stretch panel-row-style panel-row-style-for-11615-0\" style=\"padding: 25px 0; \" data-stretch-type=\"full\" data-overlay=\"true\" data-overlay-color=\"#000000\" ><div id=\"pgc-11615-0-0\"  class=\"panel-grid-cell\" ><div id=\"panel-11615-0-0-0\" class=\"so-panel widget widget_sow-editor panel-first-child panel-last-child\" data-index=\"0\" ><div style=\"text-align: left;\" data-title-color=\"#443f3f\" data-headings-color=\"#443f3f\" class=\"panel-widget-style panel-widget-style-for-11615-0-0-0\" ><div\n\t\t\t\n\t\t\tclass=\"so-widget-sow-editor so-widget-sow-editor-base\"\n\t\t\t\n\t\t>\n<div class=\"siteorigin-widget-tinymce textwidget\">\n\t<div id=\"page-content\" style=\"padding: 0px;\">\n<div id=\"default_page\">\n<div class=\"container\">\n<div class=\"contentarea clearfix\">\n<div class=\"vc_row wpb_row vc_row-fluid\">\n<div class=\"wpb_column vc_column_container vc_col-sm-12\">\n<div class=\"vc_column-inner \">\n<div class=\"wpb_wrapper\">\n<div class=\"wpb_text_column wpb_content_element \">\n<div class=\"wpb_wrapper\">\n<p><span style=\"font-family: arial, helvetica, sans-serif; font-size: 18pt;\"><strong>Impressum<\/strong><\/span><\/p>\n<p><span style=\"font-family: arial, helvetica, sans-serif; font-size: 14pt;\">Angaben gem\u00e4\u00df \u00a7 5 Telemediengesetz (TMG):<\/span><\/p>\n<p><span style=\"font-family: arial, helvetica, sans-serif;\"><span style=\"font-size: 18.6667px;\">Diana Isik<\/span><\/span><br \/>\n<span style=\"font-family: arial, helvetica, sans-serif; font-size: 14pt;\">Kornmarkt 4<\/span><br \/>\n<span style=\"font-family: arial, helvetica, sans-serif; font-size: 14pt;\">46483 Wesel<\/span><br \/>\n<span style=\"font-family: arial, helvetica, sans-serif; font-size: 14pt;\">Deutschland<\/span><\/p>\n<p><span style=\"font-family: arial, helvetica, sans-serif; font-size: 14pt;\">Kontakt:<\/span><\/p>\n<p><span style=\"font-family: arial, helvetica, sans-serif; font-size: 14pt;\">Telefon : 0281 26209<\/span><br \/>\n<span style=\"font-family: arial, helvetica, sans-serif; font-size: 14pt;\">E-Mail :firat.isik0106@gmail.com\u00a0<\/span><\/p>\n<p><span style=\"font-family: arial, helvetica, sans-serif; font-size: 14pt;\">Verantwortlicher f\u00fcr den Inhalt ist gem\u00e4\u00df \u00a7 55 Abs. 2 Rundfunkstaatsvertrag (RStV):<\/span><\/p>\n<p><span style=\"font-family: arial, helvetica, sans-serif; font-size: 14pt;\">Diana Isik<\/span><br \/>\n<span style=\"font-family: arial, helvetica, sans-serif; font-size: 14pt;\">Kornmarkt 4<\/span><br \/>\n<span style=\"font-family: arial, helvetica, sans-serif; font-size: 14pt;\">46483 Wesel<\/span><\/p>\n<\/div>\n<\/div>\n<\/div>\n<\/div>\n<\/div>\n<\/div>\n<\/div>\n<\/div>\n<\/div>\n<\/div>\n<\/div>\n<\/div><\/div><\/div><\/div><\/div><\/div><\/div>","protected":false},"excerpt":{"rendered":"<p>Impressum Angaben gem\u00e4\u00df \u00a7 5 Telemediengesetz (TMG): Diana Isik Kornmarkt 4 46483 Wesel Deutschland Kontakt: Telefon : 0281 26209 E-Mail :firat.isik0106@gmail.com\u00a0 Verantwortlicher f\u00fcr den Inhalt ist gem\u00e4\u00df \u00a7 55 Abs. 2 Rundfunkstaatsvertrag (RStV): Diana Isik Kornmarkt 4 46483 Wesel<\/p>\n","protected":false},"author":1,"featured_media":0,"parent":0,"menu_order":0,"comment_status":"closed","ping_status":"closed","template":"page-templates\/page_fullwidth.php","meta":{"_crdt_document":"","footnotes":""},"class_list":["post-11615","page","type-page","status-publish","hentry"],"_links":{"self":[{"href":"https:\/\/www.kornmarkt-doener.de\/index.php?rest_route=\/wp\/v2\/pages\/11615","targetHints":{"allow":["GET"]}}],"collection":[{"href":"https:\/\/www.kornmarkt-doener.de\/index.php?rest_route=\/wp\/v2\/pages"}],"about":[{"href":"https:\/\/www.kornmarkt-doener.de\/index.php?rest_route=\/wp\/v2\/types\/page"}],"author":[{"embeddable":true,"href":"https:\/\/www.kornmarkt-doener.de\/index.php?rest_route=\/wp\/v2\/users\/1"}],"replies":[{"embeddable":true,"href":"https:\/\/www.kornmarkt-doener.de\/index.php?rest_route=%2Fwp%2Fv2%2Fcomments&post=11615"}],"version-history":[{"count":3,"href":"https:\/\/www.kornmarkt-doener.de\/index.php?rest_route=\/wp\/v2\/pages\/11615\/revisions"}],"predecessor-version":[{"id":11753,"href":"https:\/\/www.kornmarkt-doener.de\/index.php?rest_route=\/wp\/v2\/pages\/11615\/revisions\/11753"}],"wp:attachment":[{"href":"https:\/\/www.kornmarkt-doener.de\/index.php?rest_route=%2Fwp%2Fv2%2Fmedia&parent=11615"}],"curies":[{"name":"wp","href":"https:\/\/api.w.org\/{rel}","templated":true}]}}